{"id":610,"date":"2021-10-05T13:07:30","date_gmt":"2021-10-05T11:07:30","guid":{"rendered":"https:\/\/www.annabarth.com\/about\/"},"modified":"2021-10-25T17:38:08","modified_gmt":"2021-10-25T15:38:08","slug":"vita","status":"publish","type":"page","link":"https:\/\/www.annabarth.com\/de\/vita\/","title":{"rendered":"Vita"},"content":{"rendered":"\t\t<div data-elementor-type=\"wp-page\" data-elementor-id=\"610\" class=\"elementor elementor-610 elementor-14\" data-elementor-post-type=\"page\">\n\t\t\t\t\t\t<section class=\"elementor-section elementor-top-section elementor-element elementor-element-c2488d1 elementor-section-stretched elementor-section-boxed elementor-section-height-default elementor-section-height-default\" data-id=\"c2488d1\" data-element_type=\"section\" data-settings=\"{&quot;stretch_section&quot;:&quot;section-stretched&quot;,&quot;background_background&quot;:&quot;classic&quot;}\">\n\t\t\t\t\t\t<div class=\"elementor-container elementor-column-gap-default\">\n\t\t\t\t\t<div class=\"elementor-column elementor-col-100 elementor-top-column elementor-element elementor-element-e09a8af\" data-id=\"e09a8af\" data-element_type=\"column\">\n\t\t\t<div class=\"elementor-widget-wrap elementor-element-populated\">\n\t\t\t\t\t\t<div class=\"elementor-element elementor-element-1984739 elementor-widget elementor-widget-text-editor\" data-id=\"1984739\" data-element_type=\"widget\" data-widget_type=\"text-editor.default\">\n\t\t\t\t<div class=\"elementor-widget-container\">\n\t\t\t\t\t\t\t\t\t<a style=\"color: inherit;\" href=\"https:\/\/www.annabarth.com\">ANNA B<span style=\"color: #ba4243;\">ART<\/span>H<\/a>\t\t\t\t\t\t\t\t<\/div>\n\t\t\t\t<\/div>\n\t\t\t\t<div class=\"elementor-element elementor-element-26cdff3 elementor-widget-divider--view-line elementor-widget elementor-widget-divider\" data-id=\"26cdff3\" data-element_type=\"widget\" data-widget_type=\"divider.default\">\n\t\t\t\t<div class=\"elementor-widget-container\">\n\t\t\t\t\t\t\t<div class=\"elementor-divider\">\n\t\t\t<span class=\"elementor-divider-separator\">\n\t\t\t\t\t\t<\/span>\n\t\t<\/div>\n\t\t\t\t\t\t<\/div>\n\t\t\t\t<\/div>\n\t\t\t\t<div class=\"elementor-element elementor-element-0d5d63e elementor-icon-list--layout-traditional elementor-list-item-link-full_width elementor-widget elementor-widget-icon-list\" data-id=\"0d5d63e\" data-element_type=\"widget\" data-widget_type=\"icon-list.default\">\n\t\t\t\t<div class=\"elementor-widget-container\">\n\t\t\t\t\t\t\t<ul class=\"elementor-icon-list-items\">\n\t\t\t\t\t\t\t<li class=\"elementor-icon-list-item\">\n\t\t\t\t\t\t\t\t\t\t\t<span class=\"elementor-icon-list-icon\">\n\t\t\t\t\t\t\t<i aria-hidden=\"true\" class=\"far fa-dot-circle\"><\/i>\t\t\t\t\t\t<\/span>\n\t\t\t\t\t\t\t\t\t\t<span class=\"elementor-icon-list-text\">geboren und aufgewachsen im Weinland von Deutschland<\/span>\n\t\t\t\t\t\t\t\t\t<\/li>\n\t\t\t\t\t\t\t\t<li class=\"elementor-icon-list-item\">\n\t\t\t\t\t\t\t\t\t\t\t<span class=\"elementor-icon-list-icon\">\n\t\t\t\t\t\t\t<i aria-hidden=\"true\" class=\"far fa-dot-circle\"><\/i>\t\t\t\t\t\t<\/span>\n\t\t\t\t\t\t\t\t\t\t<span class=\"elementor-icon-list-text\">studierte M\u00f6beldesign an der Kunst-Akademie in Mainz am Rhein<\/span>\n\t\t\t\t\t\t\t\t\t<\/li>\n\t\t\t\t\t\t\t\t<li class=\"elementor-icon-list-item\">\n\t\t\t\t\t\t\t\t\t\t\t<span class=\"elementor-icon-list-icon\">\n\t\t\t\t\t\t\t<i aria-hidden=\"true\" class=\"far fa-dot-circle\"><\/i>\t\t\t\t\t\t<\/span>\n\t\t\t\t\t\t\t\t\t\t<span class=\"elementor-icon-list-text\">Beteiligung an vielen Einzel-und Gruppenaustellungen in Deutschland, D\u00e4nemark, Niederlande, Belgien, \u00d6sterreich, Tansania, Kenya und S\u00fcdafrika<\/span>\n\t\t\t\t\t\t\t\t\t<\/li>\n\t\t\t\t\t\t\t\t<li class=\"elementor-icon-list-item\">\n\t\t\t\t\t\t\t\t\t\t\t<span class=\"elementor-icon-list-icon\">\n\t\t\t\t\t\t\t<i aria-hidden=\"true\" class=\"far fa-dot-circle\"><\/i>\t\t\t\t\t\t<\/span>\n\t\t\t\t\t\t\t\t\t\t<span class=\"elementor-icon-list-text\">Gewinnerin von einigen Preisen. Kunstwerke im \u00f6ffentlichen Raum, sowie Gro\u00dfskulpturen in \u00f6ffentlichen Parken<\/span>\n\t\t\t\t\t\t\t\t\t<\/li>\n\t\t\t\t\t\t\t\t<li class=\"elementor-icon-list-item\">\n\t\t\t\t\t\t\t\t\t\t\t<span class=\"elementor-icon-list-icon\">\n\t\t\t\t\t\t\t<i aria-hidden=\"true\" class=\"far fa-dot-circle\"><\/i>\t\t\t\t\t\t<\/span>\n\t\t\t\t\t\t\t\t\t\t<span class=\"elementor-icon-list-text\">1993 Kunst-Kulturpreis des DJV - Deutschland<\/span>\n\t\t\t\t\t\t\t\t\t<\/li>\n\t\t\t\t\t\t\t\t<li class=\"elementor-icon-list-item\">\n\t\t\t\t\t\t\t\t\t\t\t<span class=\"elementor-icon-list-icon\">\n\t\t\t\t\t\t\t<i aria-hidden=\"true\" class=\"far fa-dot-circle\"><\/i>\t\t\t\t\t\t<\/span>\n\t\t\t\t\t\t\t\t\t\t<span class=\"elementor-icon-list-text\">2004 Ehrenbrief der Stadt Sankt Andreasberg f\u00fcr Aktivit\u00e4ten in Kunst und Kultur<\/span>\n\t\t\t\t\t\t\t\t\t<\/li>\n\t\t\t\t\t\t\t\t<li class=\"elementor-icon-list-item\">\n\t\t\t\t\t\t\t\t\t\t\t<span class=\"elementor-icon-list-icon\">\n\t\t\t\t\t\t\t<i aria-hidden=\"true\" class=\"far fa-dot-circle\"><\/i>\t\t\t\t\t\t<\/span>\n\t\t\t\t\t\t\t\t\t\t<span class=\"elementor-icon-list-text\">2009 Bundesverdienstkreuz f\u00fcr Aktivit\u00e4ten in Kunst und Kultur f\u00fcr den Raum Harz\/Niedersachsen<\/span>\n\t\t\t\t\t\t\t\t\t<\/li>\n\t\t\t\t\t\t\t\t<li class=\"elementor-icon-list-item\">\n\t\t\t\t\t\t\t\t\t\t\t<span class=\"elementor-icon-list-icon\">\n\t\t\t\t\t\t\t<i aria-hidden=\"true\" class=\"far fa-dot-circle\"><\/i>\t\t\t\t\t\t<\/span>\n\t\t\t\t\t\t\t\t\t\t<span class=\"elementor-icon-list-text\">Mitglied des BBK-Deutschland<\/span>\n\t\t\t\t\t\t\t\t\t<\/li>\n\t\t\t\t\t\t\t\t<li class=\"elementor-icon-list-item\">\n\t\t\t\t\t\t\t\t\t\t\t<span class=\"elementor-icon-list-icon\">\n\t\t\t\t\t\t\t<i aria-hidden=\"true\" class=\"far fa-dot-circle\"><\/i>\t\t\t\t\t\t<\/span>\n\t\t\t\t\t\t\t\t\t\t<span class=\"elementor-icon-list-text\">Anna lebt und arbeitet in Deutschland und S\u00fcdafrika<\/span>\n\t\t\t\t\t\t\t\t\t<\/li>\n\t\t\t\t\t\t<\/ul>\n\t\t\t\t\t\t<\/div>\n\t\t\t\t<\/div>\n\t\t\t\t<div class=\"elementor-element elementor-element-182a4d0 elementor-widget elementor-widget-gallery\" data-id=\"182a4d0\" data-element_type=\"widget\" id=\"viktor_image_position\" data-settings=\"{&quot;columns&quot;:3,&quot;aspect_ratio&quot;:&quot;1:1&quot;,&quot;lazyload&quot;:&quot;yes&quot;,&quot;gallery_layout&quot;:&quot;grid&quot;,&quot;columns_tablet&quot;:2,&quot;columns_mobile&quot;:1,&quot;gap&quot;:{&quot;unit&quot;:&quot;px&quot;,&quot;size&quot;:10,&quot;sizes&quot;:[]},&quot;gap_tablet&quot;:{&quot;unit&quot;:&quot;px&quot;,&quot;size&quot;:10,&quot;sizes&quot;:[]},&quot;gap_mobile&quot;:{&quot;unit&quot;:&quot;px&quot;,&quot;size&quot;:10,&quot;sizes&quot;:[]},&quot;link_to&quot;:&quot;file&quot;,&quot;overlay_background&quot;:&quot;yes&quot;,&quot;content_hover_animation&quot;:&quot;fade-in&quot;}\" data-widget_type=\"gallery.default\">\n\t\t\t\t<div class=\"elementor-widget-container\">\n\t\t\t\t\t\t\t<div class=\"elementor-gallery__container\">\n\t\t\t\t\t\t\t<a class=\"e-gallery-item elementor-gallery-item elementor-animated-content\" href=\"https:\/\/www.annabarth.com\/wp-content\/uploads\/2021\/10\/DSCN5269.jpeg\" data-elementor-open-lightbox=\"yes\" data-elementor-lightbox-slideshow=\"182a4d0\" data-elementor-lightbox-title=\"DSCN5269\" data-e-action-hash=\"#elementor-action%3Aaction%3Dlightbox%26settings%3DeyJpZCI6NzA1LCJ1cmwiOiJodHRwczpcL1wvd3d3LmFubmFiYXJ0aC5jb21cL3dwLWNvbnRlbnRcL3VwbG9hZHNcLzIwMjFcLzEwXC9EU0NONTI2OS5qcGVnIiwic2xpZGVzaG93IjoiMTgyYTRkMCJ9\">\n\t\t\t\t\t<div class=\"e-gallery-image elementor-gallery-item__image\" data-thumbnail=\"https:\/\/www.annabarth.com\/wp-content\/uploads\/2021\/10\/DSCN5269.jpeg\" data-width=\"760\" data-height=\"1280\" aria-label=\"\" role=\"img\" ><\/div>\n\t\t\t\t\t\t\t\t\t\t\t<div class=\"elementor-gallery-item__overlay\"><\/div>\n\t\t\t\t\t\t\t\t\t\t\t\t\t\t<\/a>\n\t\t\t\t\t\t\t<a class=\"e-gallery-item elementor-gallery-item elementor-animated-content\" href=\"https:\/\/www.annabarth.com\/wp-content\/uploads\/2021\/10\/DSCN5285.jpeg\" data-elementor-open-lightbox=\"yes\" data-elementor-lightbox-slideshow=\"182a4d0\" data-elementor-lightbox-title=\"DSCN5285\" data-e-action-hash=\"#elementor-action%3Aaction%3Dlightbox%26settings%3DeyJpZCI6NTU2LCJ1cmwiOiJodHRwczpcL1wvd3d3LmFubmFiYXJ0aC5jb21cL3dwLWNvbnRlbnRcL3VwbG9hZHNcLzIwMjFcLzEwXC9EU0NONTI4NS5qcGVnIiwic2xpZGVzaG93IjoiMTgyYTRkMCJ9\">\n\t\t\t\t\t<div class=\"e-gallery-image elementor-gallery-item__image\" data-thumbnail=\"https:\/\/www.annabarth.com\/wp-content\/uploads\/2021\/10\/DSCN5285.jpeg\" data-width=\"1280\" data-height=\"901\" aria-label=\"\" role=\"img\" ><\/div>\n\t\t\t\t\t\t\t\t\t\t\t<div class=\"elementor-gallery-item__overlay\"><\/div>\n\t\t\t\t\t\t\t\t\t\t\t\t\t\t<\/a>\n\t\t\t\t\t\t\t<a class=\"e-gallery-item elementor-gallery-item elementor-animated-content\" href=\"https:\/\/www.annabarth.com\/wp-content\/uploads\/2021\/10\/DSCN5256.jpeg\" data-elementor-open-lightbox=\"yes\" data-elementor-lightbox-slideshow=\"182a4d0\" data-elementor-lightbox-title=\"DSCN5256\" data-e-action-hash=\"#elementor-action%3Aaction%3Dlightbox%26settings%3DeyJpZCI6NTU3LCJ1cmwiOiJodHRwczpcL1wvd3d3LmFubmFiYXJ0aC5jb21cL3dwLWNvbnRlbnRcL3VwbG9hZHNcLzIwMjFcLzEwXC9EU0NONTI1Ni5qcGVnIiwic2xpZGVzaG93IjoiMTgyYTRkMCJ9\">\n\t\t\t\t\t<div class=\"e-gallery-image elementor-gallery-item__image\" data-thumbnail=\"https:\/\/www.annabarth.com\/wp-content\/uploads\/2021\/10\/DSCN5256.jpeg\" data-width=\"1204\" data-height=\"961\" aria-label=\"\" role=\"img\" ><\/div>\n\t\t\t\t\t\t\t\t\t\t\t<div class=\"elementor-gallery-item__overlay\"><\/div>\n\t\t\t\t\t\t\t\t\t\t\t\t\t\t<\/a>\n\t\t\t\t\t<\/div>\n\t\t\t\t\t<\/div>\n\t\t\t\t<\/div>\n\t\t\t\t\t<\/div>\n\t\t<\/div>\n\t\t\t\t\t<\/div>\n\t\t<\/section>\n\t\t\t\t<\/div>\n\t\t","protected":false},"excerpt":{"rendered":"<p>ANNA BARTH geboren und aufgewachsen im Weinland von Deutschland studierte M\u00f6beldesign an der Kunst-Akademie in Mainz am Rhein Beteiligung an vielen Einzel-und Gruppenaustellungen in Deutschland, D\u00e4nemark, Niederlande, Belgien, \u00d6sterreich, Tansania, Kenya und S\u00fcdafrika Gewinnerin von einigen Preisen. Kunstwerke im \u00f6ffentlichen Raum, sowie Gro\u00dfskulpturen in \u00f6ffentlichen Parken 1993 Kunst-Kulturpreis des DJV &#8211; Deutschland 2004 Ehrenbrief der [&hellip;]<\/p>\n","protected":false},"author":2,"featured_media":0,"parent":0,"menu_order":0,"comment_status":"closed","ping_status":"closed","template":"","meta":{"_acf_changed":false,"footnotes":""},"class_list":["post-610","page","type-page","status-publish","hentry"],"acf":[],"yoast_head":"<!-- This site is optimized with the Yoast SEO plugin v26.7 - https:\/\/yoast.com\/wordpress\/plugins\/seo\/ -->\n<title>Vita - Anna Barth Art<\/title>\n<meta name=\"robots\" content=\"index, follow, max-snippet:-1, max-image-preview:large, max-video-preview:-1\" \/>\n<link rel=\"canonical\" href=\"https:\/\/www.annabarth.com\/de\/vita\/\" \/>\n<meta property=\"og:locale\" content=\"de_DE\" \/>\n<meta property=\"og:type\" content=\"article\" \/>\n<meta property=\"og:title\" content=\"Vita - Anna Barth Art\" \/>\n<meta property=\"og:description\" content=\"ANNA BARTH geboren und aufgewachsen im Weinland von Deutschland studierte M\u00f6beldesign an der Kunst-Akademie in Mainz am Rhein Beteiligung an vielen Einzel-und Gruppenaustellungen in Deutschland, D\u00e4nemark, Niederlande, Belgien, \u00d6sterreich, Tansania, Kenya und S\u00fcdafrika Gewinnerin von einigen Preisen. Kunstwerke im \u00f6ffentlichen Raum, sowie Gro\u00dfskulpturen in \u00f6ffentlichen Parken 1993 Kunst-Kulturpreis des DJV &#8211; Deutschland 2004 Ehrenbrief der [&hellip;]\" \/>\n<meta property=\"og:url\" content=\"https:\/\/www.annabarth.com\/de\/vita\/\" \/>\n<meta property=\"og:site_name\" content=\"Anna Barth Art\" \/>\n<meta property=\"article:modified_time\" content=\"2021-10-25T15:38:08+00:00\" \/>\n<meta name=\"twitter:card\" content=\"summary_large_image\" \/>\n<meta name=\"twitter:label1\" content=\"Gesch\u00e4tzte Lesezeit\" \/>\n\t<meta name=\"twitter:data1\" content=\"1\u00a0Minute\" \/>\n<script type=\"application\/ld+json\" class=\"yoast-schema-graph\">{\"@context\":\"https:\/\/schema.org\",\"@graph\":[{\"@type\":\"WebPage\",\"@id\":\"https:\/\/www.annabarth.com\/de\/vita\/\",\"url\":\"https:\/\/www.annabarth.com\/de\/vita\/\",\"name\":\"Vita - Anna Barth Art\",\"isPartOf\":{\"@id\":\"https:\/\/www.annabarth.com\/de\/#website\"},\"datePublished\":\"2021-10-05T11:07:30+00:00\",\"dateModified\":\"2021-10-25T15:38:08+00:00\",\"breadcrumb\":{\"@id\":\"https:\/\/www.annabarth.com\/de\/vita\/#breadcrumb\"},\"inLanguage\":\"de\",\"potentialAction\":[{\"@type\":\"ReadAction\",\"target\":[\"https:\/\/www.annabarth.com\/de\/vita\/\"]}]},{\"@type\":\"BreadcrumbList\",\"@id\":\"https:\/\/www.annabarth.com\/de\/vita\/#breadcrumb\",\"itemListElement\":[{\"@type\":\"ListItem\",\"position\":1,\"name\":\"Startseite\",\"item\":\"https:\/\/www.annabarth.com\/de\/\"},{\"@type\":\"ListItem\",\"position\":2,\"name\":\"Vita\"}]},{\"@type\":\"WebSite\",\"@id\":\"https:\/\/www.annabarth.com\/de\/#website\",\"url\":\"https:\/\/www.annabarth.com\/de\/\",\"name\":\"Anna Barth Art\",\"description\":\"Eine weitere WordPress-Website\",\"potentialAction\":[{\"@type\":\"SearchAction\",\"target\":{\"@type\":\"EntryPoint\",\"urlTemplate\":\"https:\/\/www.annabarth.com\/de\/?s={search_term_string}\"},\"query-input\":{\"@type\":\"PropertyValueSpecification\",\"valueRequired\":true,\"valueName\":\"search_term_string\"}}],\"inLanguage\":\"de\"}]}<\/script>\n<!-- \/ Yoast SEO plugin. -->","yoast_head_json":{"title":"Vita - Anna Barth Art","robots":{"index":"index","follow":"follow","max-snippet":"max-snippet:-1","max-image-preview":"max-image-preview:large","max-video-preview":"max-video-preview:-1"},"canonical":"https:\/\/www.annabarth.com\/de\/vita\/","og_locale":"de_DE","og_type":"article","og_title":"Vita - Anna Barth Art","og_description":"ANNA BARTH geboren und aufgewachsen im Weinland von Deutschland studierte M\u00f6beldesign an der Kunst-Akademie in Mainz am Rhein Beteiligung an vielen Einzel-und Gruppenaustellungen in Deutschland, D\u00e4nemark, Niederlande, Belgien, \u00d6sterreich, Tansania, Kenya und S\u00fcdafrika Gewinnerin von einigen Preisen. Kunstwerke im \u00f6ffentlichen Raum, sowie Gro\u00dfskulpturen in \u00f6ffentlichen Parken 1993 Kunst-Kulturpreis des DJV &#8211; Deutschland 2004 Ehrenbrief der [&hellip;]","og_url":"https:\/\/www.annabarth.com\/de\/vita\/","og_site_name":"Anna Barth Art","article_modified_time":"2021-10-25T15:38:08+00:00","twitter_card":"summary_large_image","twitter_misc":{"Gesch\u00e4tzte Lesezeit":"1\u00a0Minute"},"schema":{"@context":"https:\/\/schema.org","@graph":[{"@type":"WebPage","@id":"https:\/\/www.annabarth.com\/de\/vita\/","url":"https:\/\/www.annabarth.com\/de\/vita\/","name":"Vita - Anna Barth Art","isPartOf":{"@id":"https:\/\/www.annabarth.com\/de\/#website"},"datePublished":"2021-10-05T11:07:30+00:00","dateModified":"2021-10-25T15:38:08+00:00","breadcrumb":{"@id":"https:\/\/www.annabarth.com\/de\/vita\/#breadcrumb"},"inLanguage":"de","potentialAction":[{"@type":"ReadAction","target":["https:\/\/www.annabarth.com\/de\/vita\/"]}]},{"@type":"BreadcrumbList","@id":"https:\/\/www.annabarth.com\/de\/vita\/#breadcrumb","itemListElement":[{"@type":"ListItem","position":1,"name":"Startseite","item":"https:\/\/www.annabarth.com\/de\/"},{"@type":"ListItem","position":2,"name":"Vita"}]},{"@type":"WebSite","@id":"https:\/\/www.annabarth.com\/de\/#website","url":"https:\/\/www.annabarth.com\/de\/","name":"Anna Barth Art","description":"Eine weitere WordPress-Website","potentialAction":[{"@type":"SearchAction","target":{"@type":"EntryPoint","urlTemplate":"https:\/\/www.annabarth.com\/de\/?s={search_term_string}"},"query-input":{"@type":"PropertyValueSpecification","valueRequired":true,"valueName":"search_term_string"}}],"inLanguage":"de"}]}},"_links":{"self":[{"href":"https:\/\/www.annabarth.com\/de\/wp-json\/wp\/v2\/pages\/610","targetHints":{"allow":["GET"]}}],"collection":[{"href":"https:\/\/www.annabarth.com\/de\/wp-json\/wp\/v2\/pages"}],"about":[{"href":"https:\/\/www.annabarth.com\/de\/wp-json\/wp\/v2\/types\/page"}],"author":[{"embeddable":true,"href":"https:\/\/www.annabarth.com\/de\/wp-json\/wp\/v2\/users\/2"}],"replies":[{"embeddable":true,"href":"https:\/\/www.annabarth.com\/de\/wp-json\/wp\/v2\/comments?post=610"}],"version-history":[{"count":10,"href":"https:\/\/www.annabarth.com\/de\/wp-json\/wp\/v2\/pages\/610\/revisions"}],"predecessor-version":[{"id":725,"href":"https:\/\/www.annabarth.com\/de\/wp-json\/wp\/v2\/pages\/610\/revisions\/725"}],"wp:attachment":[{"href":"https:\/\/www.annabarth.com\/de\/wp-json\/wp\/v2\/media?parent=610"}],"curies":[{"name":"wp","href":"https:\/\/api.w.org\/{rel}","templated":true}]}}